{"id":19255,"date":"2025-08-01T10:00:34","date_gmt":"2025-08-01T08:00:34","guid":{"rendered":"https:\/\/www.cascinabricchetto.it\/?page_id=19255"},"modified":"2025-09-07T12:52:02","modified_gmt":"2025-09-07T10:52:02","slug":"95-foire-de-la-truffe-blanche-a-alba-2025","status":"publish","type":"page","link":"https:\/\/www.cascinabricchetto.it\/fr\/langhe-piemont-ou-sommes-nous\/95-foire-de-la-truffe-blanche-a-alba-2025\/","title":{"rendered":"95\u00b0 Foire de la truffe blanche \u00e0 Alba (2025)"},"content":{"rendered":"\n<p>Cette ann\u00e9e \u00e0 Alba se tient la 95\u00e8me \u00e9dition de l\u2019\u00e9v\u00e8nement le plus important pour les amateurs des pr\u00e9cieuses truffes blanches. La ville se pare pour accueillir ses h\u00f4tes et valoriser l\u2019excellence locale. Le programme pr\u00e9voit des rencontres avec de grands chefs, une analyse sensorielle de la truffe, des d\u00e9gustations de vins et divers \u00e9v\u00e8nements du folklore local.<\/p>\n\n\n\n<div class=\"wp-block-group\"><div class=\"wp-block-group__inner-container is-layout-constrained wp-block-group-is-layout-constrained\">\n<h3 class=\"wp-block-heading\"><em>Un profond respect<\/em><\/h3>\n\n\n<div class=\"wp-block-image side-img-responsive\">\n<figure class=\"alignright size-full is-resized\"><img loading=\"lazy\" decoding=\"async\" width=\"491\" height=\"496\" src=\"https:\/\/www.cascinabricchetto.it\/wp-content\/uploads\/2024\/08\/truffle-and-dog.jpg\" alt=\"\" class=\"wp-image-28774\" style=\"aspect-ratio:1;object-fit:cover;width:300px\" srcset=\"https:\/\/www.cascinabricchetto.it\/wp-content\/uploads\/2024\/08\/truffle-and-dog.jpg 491w, https:\/\/www.cascinabricchetto.it\/wp-content\/uploads\/2024\/08\/truffle-and-dog-297x300.jpg 297w, https:\/\/www.cascinabricchetto.it\/wp-content\/uploads\/2024\/08\/truffle-and-dog-140x140.jpg 140w, https:\/\/www.cascinabricchetto.it\/wp-content\/uploads\/2024\/08\/truffle-and-dog-100x100.jpg 100w\" sizes=\"auto, (max-width: 491px) 100vw, 491px\" \/><\/figure><\/div>\n\n\n<blockquote class=\"wp-block-quote is-layout-flow wp-block-quote-is-layout-flow\">\n<p>Le respect de l&rsquo;environnement et de la biodiversit\u00e9 passe par la protection des \u00e9cosyst\u00e8mes qui permettent \u00e0 la truffe blanche d&rsquo;Alba de prosp\u00e9rer.<\/p>\n\n\n\n<p>Le respect est \u00e0 la base du dressage et de l&rsquo;harmonie entre les diff\u00e9rentes esp\u00e8ces, en l&rsquo;occurrence entre les humains et les chiens. C&rsquo;est gr\u00e2ce \u00e0 son intelligence naturelle que le \u00ab trabuj \u00bb (chien truffier en langue locale) peut rechercher et trouver la \u00ab trifula \u00bb (en langue locale), le Tuber Magnum Pico, la truffe blanche d&rsquo;Alba, la plus pr\u00e9cieuse et la plus ch\u00e8re au monde. Son odorat le guide dans sa qu\u00eate du tubercule\u2026 l&rsquo;in\u00e9vitable r\u00e9compense qu&rsquo;il recevra du \u00ab trifulau \u00bb (chasseur de truffes en langue locale).<\/p>\n<\/blockquote>\n\n\n\n<div style=\"height:5px\" aria-hidden=\"true\" class=\"wp-block-spacer\"><\/div>\n<\/div><\/div>\n\n\n\n<h2 class=\"wp-block-heading\">\u00c9v\u00e9nements<\/h2>\n\n\n\n<h3 class=\"wp-block-heading\">Foire de la truffe blanche d\u2019Alba<\/h3>\n\n\n\n<h4 class=\"wp-block-heading\"><strong>Tous les Samedis et Dimanches du 11 Octobre au 8 D\u00e9cembre<\/strong><br><strong>Ouverture sp\u00e9ciale: 1er Novembre.<\/strong><\/h4>\n\n\n<div class=\"wp-block-image side-img-responsive\">\n<figure class=\"alignright is-resized\"><img decoding=\"async\" src=\"https:\/\/www.cascinabricchetto.it\/wp-content\/uploads\/2023\/11\/scopri-fiera-tartufo.jpg\" alt=\"Mercato del Tartufo\" class=\"wp-image-18955\" style=\"aspect-ratio:1;object-fit:cover;width:300px\"\/><\/figure><\/div>\n\n\n<p>Le march\u00e9 de la Truffe est l\u2019endroit id\u00e9al o\u00f9 les visiteurs peuvent voir, toucher, humer, go\u00fbter et acheter les truffes vendues directement par des vendeurs de confiance et par des chercheurs de truffe locaux. En plus des truffes, vous pourrez savourer les vins des Langhe et du Roero, &nbsp;ainsi que les charcuteries, fromages, p\u00e2tisseries et autres mets succulents qui font la renomm\u00e9e de la r\u00e9gion sur le plan international.<br><strong>Samedi<\/strong> et <strong>Dimanche<\/strong>: 9h30 &#8211; 19h30.<\/p>\n\n\n\n<ul class=\"wp-block-list\">\n<li><strong>Adultes<\/strong>: 5 \u20ac Online \/ 6 \u20ac On site<\/li>\n\n\n\n<li><strong>Billets pour &nbsp;groupes de plus de 30 personnes<\/strong>: 4 \u20ac<\/li>\n\n\n\n<li><strong>Enfants de moins de 15 ans<\/strong>:&nbsp;gratuit<\/li>\n\n\n\n<li><strong>Personnes handicap\u00e9es<\/strong>: gratuit<\/li>\n\n\n\n<li><strong>Nos amis chiens<\/strong>: entr\u00e9e gratuite<\/li>\n<\/ul>\n\n\n\n<div style=\"height:5px\" aria-hidden=\"true\" class=\"wp-block-spacer\"><\/div>\n\n\n\n<h3 class=\"wp-block-heading\">FOLKLORE<\/h3>\n\n\n\n<figure class=\"wp-block-image\"><img decoding=\"async\" src=\"https:\/\/www.cascinabricchetto.it\/wp-content\/uploads\/2023\/11\/folclore-1.jpg\" alt=\"\" class=\"wp-image-18959\"\/><\/figure>\n\n\n\n<h3 class=\"wp-block-heading\">\u00c9vocation Historique<\/h3>\n\n\n\n<h4 class=\"wp-block-heading\">5 Octobre &#8211; 14.30<\/h4>\n\n\n\n<p>Comme le veut la tradition, la reconstitution historique costum\u00e9e d\u00e9filera dans le centre-ville et se terminera sur la Piazza Risorgimento. V\u00e9ritable spectacle th\u00e9\u00e2tral, il se d\u00e9roulera dans les rues de la ville, avec plus de 400 artistes reconstituant des \u00e9pisodes historiques et l\u00e9gendaires qui ont marqu\u00e9 la vie de la population m\u00e9di\u00e9vale.<\/p>\n\n\n\n<h3 class=\"wp-block-heading\">Course d\u2019\u00c2nes<\/h3>\n\n\n\n<h4 class=\"wp-block-heading\">5 Octobre &#8211; 15.00<\/h4>\n\n\n<div class=\"wp-block-image side-img-responsive\">\n<figure class=\"alignright size-full is-resized\"><img loading=\"lazy\" decoding=\"async\" width=\"800\" height=\"800\" src=\"https:\/\/www.cascinabricchetto.it\/wp-content\/uploads\/2023\/11\/folclore-palio-7.jpg\" alt=\"\" class=\"wp-image-24854\" style=\"aspect-ratio:1;object-fit:cover;width:300px\" srcset=\"https:\/\/www.cascinabricchetto.it\/wp-content\/uploads\/2023\/11\/folclore-palio-7.jpg 800w, https:\/\/www.cascinabricchetto.it\/wp-content\/uploads\/2023\/11\/folclore-palio-7-300x300.jpg 300w, https:\/\/www.cascinabricchetto.it\/wp-content\/uploads\/2023\/11\/folclore-palio-7-150x150.jpg 150w, https:\/\/www.cascinabricchetto.it\/wp-content\/uploads\/2023\/11\/folclore-palio-7-768x768.jpg 768w, https:\/\/www.cascinabricchetto.it\/wp-content\/uploads\/2023\/11\/folclore-palio-7-140x140.jpg 140w, https:\/\/www.cascinabricchetto.it\/wp-content\/uploads\/2023\/11\/folclore-palio-7-500x500.jpg 500w\" sizes=\"auto, (max-width: 800px) 100vw, 800px\" \/><\/figure><\/div>\n\n\n<p>La foire s\u2019ouvre avec la course d\u2019\u00c2nes, r\u00e9miniscence de l\u2019ancienne rivalit\u00e9 entre la ville d\u2019Alba et sa voisine Asti. &nbsp;L\u2019histoire remonte \u00e0 1275, les deux villes sont en guerre et Asti c\u00e9l\u00e8bre sa victoire par une course de chevaux aux pieds de l\u2019enceinte de la ville ennemie. Pour tourner l\u2019initiative de leurs ennemis en d\u00e9rision, les gens d\u2019Alba d\u00e9cid\u00e8rent &nbsp;d\u2019organiser une course d\u2019\u00e2nes. &nbsp;L\u2019\u00e9pisode est comm\u00e9mor\u00e9 chaque ann\u00e9e le premier dimanche d\u2019Octobre.<\/p>\n\n\n\n<p>Un spectacle passionnant qui verra les neuf villages de la ville s&rsquo;affronter pour le drap\u00e9 convoit\u00e9 qui appartient au vainqueur de la course.<\/p>\n\n\n\n<p><strong>Adultes<\/strong>: 20 \u20ac<\/p>\n\n\n\n<div style=\"height:5px\" aria-hidden=\"true\" class=\"wp-block-spacer\"><\/div>\n\n\n\n<h3 class=\"wp-block-heading\">La Bacchanale<\/h3>\n\n\n\n<h4 class=\"wp-block-heading\">Les week-end des 18 et 19 Octobre, Alba revit le Moyen \u00c2ge.<\/h4>\n\n\n<div class=\"wp-block-image side-img-responsive\">\n<figure class=\"alignright is-resized\"><img decoding=\"async\" src=\"https:\/\/www.cascinabricchetto.it\/wp-content\/uploads\/2023\/11\/baccanale-5.jpg\" alt=\"\" class=\"wp-image-18967\" style=\"aspect-ratio:1;object-fit:cover;width:300px\"\/><\/figure><\/div>\n\n\n<p>Des acteurs reconstitueront le pass\u00e9: sc\u00e8nes de vie quotidienne, d\u00e9monstrations de coutumes anciennes , m\u00e9tiers et jeux destin\u00e9s aux jeunes et moins jeunes. Une belle opportunit\u00e9 de savourer d\u2019excellents mets et sp\u00e9cialit\u00e9s locales dans une charmant d\u00e9cor m\u00e9di\u00e9val.<br>Les villages de la ville proposeront des animations et animations \u00e0 tous les participants.<\/p>\n\n\n\n<div style=\"height:5px\" aria-hidden=\"true\" class=\"wp-block-spacer\"><\/div>\n\n\n\n<hr class=\"wp-block-separator has-alpha-channel-opacity is-style-dots\"\/>\n\n\n<div class=\"wp-block-image\">\n<figure class=\"aligncenter size-full is-resized\"><img loading=\"lazy\" decoding=\"async\" width=\"747\" height=\"500\" src=\"https:\/\/www.cascinabricchetto.it\/wp-content\/uploads\/2024\/06\/FieraTartufo-PalioAsini-011-747x500-1.jpg\" alt=\"\" class=\"wp-image-27223\" style=\"width:1024px\" srcset=\"https:\/\/www.cascinabricchetto.it\/wp-content\/uploads\/2024\/06\/FieraTartufo-PalioAsini-011-747x500-1.jpg 747w, https:\/\/www.cascinabricchetto.it\/wp-content\/uploads\/2024\/06\/FieraTartufo-PalioAsini-011-747x500-1-300x201.jpg 300w\" sizes=\"auto, (max-width: 747px) 100vw, 747px\" \/><\/figure><\/div>\n\n\n<hr class=\"wp-block-separator has-alpha-channel-opacity is-style-dots\"\/>\n\n\n\n<h3 class=\"wp-block-heading\">MOMENT GOURMANDS<\/h3>\n\n\n<div class=\"wp-block-image\">\n<figure class=\"alignleft is-resized\"><img decoding=\"async\" src=\"https:\/\/www.cascinabricchetto.it\/wp-content\/uploads\/2023\/11\/cooking-show-fiera-tartufo-alba.jpg\" alt=\"\" class=\"wp-image-19005\" style=\"width:1024px\"\/><\/figure><\/div>\n\n\n<h3 class=\"wp-block-heading\">&nbsp;<\/h3>\n\n\n\n<h3 class=\"wp-block-heading\">Cours de cuisine<\/h3>\n\n\n\n<h4 class=\"wp-block-heading\">Du 13 Octobre au 8 D\u00e9cembre.<\/h4>\n\n\n<div class=\"wp-block-image side-img-responsive\">\n<figure class=\"alignright size-full is-resized\"><img loading=\"lazy\" decoding=\"async\" width=\"500\" height=\"500\" src=\"https:\/\/www.cascinabricchetto.it\/wp-content\/uploads\/2024\/06\/corsi-di-cucina-14-500x500-1.jpg\" alt=\"\" class=\"wp-image-27239\" style=\"width:300px\" srcset=\"https:\/\/www.cascinabricchetto.it\/wp-content\/uploads\/2024\/06\/corsi-di-cucina-14-500x500-1.jpg 500w, https:\/\/www.cascinabricchetto.it\/wp-content\/uploads\/2024\/06\/corsi-di-cucina-14-500x500-1-300x300.jpg 300w, https:\/\/www.cascinabricchetto.it\/wp-content\/uploads\/2024\/06\/corsi-di-cucina-14-500x500-1-150x150.jpg 150w, https:\/\/www.cascinabricchetto.it\/wp-content\/uploads\/2024\/06\/corsi-di-cucina-14-500x500-1-140x140.jpg 140w\" sizes=\"auto, (max-width: 500px) 100vw, 500px\" \/><\/figure><\/div>\n\n\n<p><span class=\"JLqJ4b ChMk0b\"><span class=\"Q4iAWc\">\u00c0 l&rsquo;int\u00e9rieur du ch\u00e2teau de Roddi, dans l&rsquo;une des plus belles \u00e9coles de cuisine italienne, \u00e0 travers des cours th\u00e9oriques et pratiques, vous apprendrez les recettes traditionnelles des Langhe, du Monferrato et du Roero.&nbsp;&nbsp;&nbsp;&nbsp;&nbsp;&nbsp;&nbsp;&nbsp;&nbsp;&nbsp;&nbsp;&nbsp;&nbsp;&nbsp;&nbsp;&nbsp;&nbsp;&nbsp;&nbsp;&nbsp;&nbsp;&nbsp;&nbsp;&nbsp;&nbsp;&nbsp;&nbsp;&nbsp;&nbsp;&nbsp;&nbsp;&nbsp;<\/span><\/span><\/p>\n\n\n\n<p><span class=\"VIiyi\" lang=\"fr\"><span class=\"JLqJ4b ChMk0b\"><span class=\"Q4iAWc\">D\u00e9tails et r\u00e9servations:<br><\/span><\/span><\/span><a href=\"https:\/\/www.fieradeltartufo.org\/en\/cooking-classes\/\" target=\"_blank\" rel=\"noreferrer noopener\">www.fieradeltartufo.org\/en\/cooking-classes\/<\/a><\/p>\n\n\n\n<div style=\"height:5px\" aria-hidden=\"true\" class=\"wp-block-spacer\"><\/div>\n\n\n\n<h3 class=\"wp-block-heading\">Cooking show et ap\u00e9ritifs savoureux<\/h3>\n\n\n\n<h4 class=\"wp-block-heading\">Chaque week-end de la Foire \u00e0 11h00 et 18h00. <br>Ouverture exceptionnelle: 1er Novembre.<\/h4>\n\n\n<div class=\"wp-block-image side-img-responsive\">\n<figure class=\"alignright size-full is-resized\"><img loading=\"lazy\" decoding=\"async\" width=\"500\" height=\"500\" src=\"https:\/\/www.cascinabricchetto.it\/wp-content\/uploads\/2024\/06\/workshop-500x500-1.jpg\" alt=\"\" class=\"wp-image-27235\" style=\"width:300px\" srcset=\"https:\/\/www.cascinabricchetto.it\/wp-content\/uploads\/2024\/06\/workshop-500x500-1.jpg 500w, https:\/\/www.cascinabricchetto.it\/wp-content\/uploads\/2024\/06\/workshop-500x500-1-300x300.jpg 300w, https:\/\/www.cascinabricchetto.it\/wp-content\/uploads\/2024\/06\/workshop-500x500-1-150x150.jpg 150w, https:\/\/www.cascinabricchetto.it\/wp-content\/uploads\/2024\/06\/workshop-500x500-1-140x140.jpg 140w\" sizes=\"auto, (max-width: 500px) 100vw, 500px\" \/><\/figure><\/div>\n\n\n<p><span class=\"VIiyi\" lang=\"fr\"><span class=\"JLqJ4b ChMk0b\"><span class=\"Q4iAWc\">Ils vous permettent de d\u00e9couvrir les secrets des grands noms de la cuisine nationale et internationale qui, tour \u00e0 tour en cuisine, vous feront d\u00e9guster leurs plats &#8211; cr\u00e9\u00e9s pour l&rsquo;occasion &#8211; et alli\u00e9s \u00e0 l&rsquo;atout le plus pr\u00e9cieux et rare de notre territoire : le blanc truffe d&rsquo;Alba .<br><\/span><\/span><\/span><\/p>\n\n\n\n<p><span class=\"VIiyi\" lang=\"fr\"><span class=\"JLqJ4b ChMk0b\"><span class=\"Q4iAWc\">D\u00e9tails et r\u00e9servations:&nbsp;<\/span><\/span><\/span><br><span class=\"VIiyi\" lang=\"fr\"><span class=\"JLqJ4b ChMk0b\"><span class=\"Q4iAWc\"><a href=\"https:\/\/www.fieradeltartufo.org\/cooking-show\/\">www.fieradeltartufo.org\/cooking-show\/<\/a><\/span><\/span><\/span><\/p>\n\n\n\n<div style=\"height:5px\" aria-hidden=\"true\" class=\"wp-block-spacer\"><\/div>\n\n\n\n<h3 class=\"wp-block-heading\">Ateliers du go\u00fbt<\/h3>\n\n\n\n<h4 class=\"wp-block-heading\">Du 11 Octobre au 8 D\u00e9cembre<\/h4>\n\n\n\n<figure class=\"wp-block-gallery has-nested-images columns-2 is-cropped wp-block-gallery-1 is-layout-flex wp-block-gallery-is-layout-flex\">\n<figure class=\"wp-block-image size-medium\"><img loading=\"lazy\" decoding=\"async\" width=\"300\" height=\"300\" data-id=\"24230\" src=\"https:\/\/www.cascinabricchetto.it\/wp-content\/uploads\/2023\/11\/atelier-pasta-1-300x300.jpg\" alt=\"\" class=\"wp-image-24230\" srcset=\"https:\/\/www.cascinabricchetto.it\/wp-content\/uploads\/2023\/11\/atelier-pasta-1-300x300.jpg 300w, https:\/\/www.cascinabricchetto.it\/wp-content\/uploads\/2023\/11\/atelier-pasta-1-150x150.jpg 150w, https:\/\/www.cascinabricchetto.it\/wp-content\/uploads\/2023\/11\/atelier-pasta-1-768x768.jpg 768w, https:\/\/www.cascinabricchetto.it\/wp-content\/uploads\/2023\/11\/atelier-pasta-1-140x140.jpg 140w, https:\/\/www.cascinabricchetto.it\/wp-content\/uploads\/2023\/11\/atelier-pasta-1-500x500.jpg 500w, https:\/\/www.cascinabricchetto.it\/wp-content\/uploads\/2023\/11\/atelier-pasta-1.jpg 800w\" sizes=\"auto, (max-width: 300px) 100vw, 300px\" \/><\/figure>\n\n\n\n<figure class=\"wp-block-image size-medium\"><img loading=\"lazy\" decoding=\"async\" width=\"300\" height=\"300\" data-id=\"24834\" src=\"https:\/\/www.cascinabricchetto.it\/wp-content\/uploads\/2023\/11\/FieraTartufo21-Fair-044-_GPC6825_2021101851756704-Cropped-300x300.jpg\" alt=\"\" class=\"wp-image-24834\" srcset=\"https:\/\/www.cascinabricchetto.it\/wp-content\/uploads\/2023\/11\/FieraTartufo21-Fair-044-_GPC6825_2021101851756704-Cropped-300x300.jpg 300w, https:\/\/www.cascinabricchetto.it\/wp-content\/uploads\/2023\/11\/FieraTartufo21-Fair-044-_GPC6825_2021101851756704-Cropped-150x150.jpg 150w, https:\/\/www.cascinabricchetto.it\/wp-content\/uploads\/2023\/11\/FieraTartufo21-Fair-044-_GPC6825_2021101851756704-Cropped-768x768.jpg 768w, https:\/\/www.cascinabricchetto.it\/wp-content\/uploads\/2023\/11\/FieraTartufo21-Fair-044-_GPC6825_2021101851756704-Cropped-140x140.jpg 140w, https:\/\/www.cascinabricchetto.it\/wp-content\/uploads\/2023\/11\/FieraTartufo21-Fair-044-_GPC6825_2021101851756704-Cropped-500x500.jpg 500w, https:\/\/www.cascinabricchetto.it\/wp-content\/uploads\/2023\/11\/FieraTartufo21-Fair-044-_GPC6825_2021101851756704-Cropped.jpg 800w\" sizes=\"auto, (max-width: 300px) 100vw, 300px\" \/><\/figure>\n\n\n\n<figure class=\"wp-block-image size-medium\"><img loading=\"lazy\" decoding=\"async\" width=\"300\" height=\"300\" data-id=\"24202\" src=\"https:\/\/www.cascinabricchetto.it\/wp-content\/uploads\/2023\/11\/analisi-sensoriale-4-300x300.jpg\" alt=\"\" class=\"wp-image-24202\" srcset=\"https:\/\/www.cascinabricchetto.it\/wp-content\/uploads\/2023\/11\/analisi-sensoriale-4-300x300.jpg 300w, https:\/\/www.cascinabricchetto.it\/wp-content\/uploads\/2023\/11\/analisi-sensoriale-4-150x150.jpg 150w, https:\/\/www.cascinabricchetto.it\/wp-content\/uploads\/2023\/11\/analisi-sensoriale-4-768x768.jpg 768w, https:\/\/www.cascinabricchetto.it\/wp-content\/uploads\/2023\/11\/analisi-sensoriale-4-140x140.jpg 140w, https:\/\/www.cascinabricchetto.it\/wp-content\/uploads\/2023\/11\/analisi-sensoriale-4-500x500.jpg 500w, https:\/\/www.cascinabricchetto.it\/wp-content\/uploads\/2023\/11\/analisi-sensoriale-4.jpg 800w\" sizes=\"auto, (max-width: 300px) 100vw, 300px\" \/><\/figure>\n\n\n\n<figure class=\"wp-block-image size-thumbnail\"><img loading=\"lazy\" decoding=\"async\" width=\"150\" height=\"150\" data-id=\"27231\" src=\"https:\/\/www.cascinabricchetto.it\/wp-content\/uploads\/2024\/06\/cooking-show-500x500-1-300x300-1-150x150.jpg\" alt=\"\" class=\"wp-image-27231\" srcset=\"https:\/\/www.cascinabricchetto.it\/wp-content\/uploads\/2024\/06\/cooking-show-500x500-1-300x300-1-150x150.jpg 150w, https:\/\/www.cascinabricchetto.it\/wp-content\/uploads\/2024\/06\/cooking-show-500x500-1-300x300-1-140x140.jpg 140w, https:\/\/www.cascinabricchetto.it\/wp-content\/uploads\/2024\/06\/cooking-show-500x500-1-300x300-1.jpg 300w\" sizes=\"auto, (max-width: 150px) 100vw, 150px\" \/><\/figure>\n<\/figure>\n\n\n\n<h4 class=\"wp-block-heading\"><\/h4>\n\n\n\n<ul class=\"wp-block-list\">\n<li> <span class=\"VIiyi\" lang=\"fr\"><span class=\"JLqJ4b ChMk0b\"><span class=\"Q4iAWc\">Atelier de p\u00e2tes fra\u00eeches.<\/span><\/span><\/span> <\/li>\n\n\n\n<li> <span class=\"VIiyi\" lang=\"fr\"><span class=\"JLqJ4b ChMk0b\"><span class=\"Q4iAWc\">Exp\u00e9rience D\u00e9gustation de Vin \u00ae.<\/span><\/span><\/span><\/li>\n\n\n\n<li><span class=\"VIiyi\" lang=\"fr\"><span class=\"JLqJ4b ChMk0b\"><span class=\"Q4iAWc\">Analyse sensorielle de la truffe.<\/span><\/span><\/span><\/li>\n\n\n\n<li> <span class=\"VIiyi\" lang=\"fr\"><span class=\"JLqJ4b\"><span class=\"Q4iAWc\">Workshops.<\/span><\/span><\/span><\/li>\n<\/ul>\n\n\n\n<p><span class=\"VIiyi\" lang=\"fr\"><span class=\"JLqJ4b ChMk0b\"><span class=\"Q4iAWc\">D\u00e9tails et r\u00e9servations:<\/span><\/span><\/span><br><a href=\"https:\/\/www.fieradeltartufo.org\/en\/events-categories\/taste-workshops\/\" target=\"_blank\" rel=\"noreferrer noopener\">www.fieradeltartufo.org\/en\/events-categories\/taste-workshops\/<\/a><\/p>\n\n\n\n<p><strong>MARCH\u00c9S<\/strong><\/p>\n\n\n\n<p><img loading=\"lazy\" decoding=\"async\" width=\"840\" height=\"560\" class=\"alignnone size-full wp-image-27227\" style=\"width: 840px;\" src=\"https:\/\/www.cascinabricchetto.it\/wp-content\/uploads\/2024\/06\/mercati-5-750x500-2.jpg\" alt=\"\" srcset=\"https:\/\/www.cascinabricchetto.it\/wp-content\/uploads\/2024\/06\/mercati-5-750x500-2.jpg 750w, https:\/\/www.cascinabricchetto.it\/wp-content\/uploads\/2024\/06\/mercati-5-750x500-2-300x200.jpg 300w\" sizes=\"auto, (max-width: 840px) 100vw, 840px\" \/><\/p>\n\n\n\n<p>Les march\u00e9s sont un rendez-vous traditionnel de la Foire Internationale de la Truffe Blanche d&rsquo;Alba, une occasion de d\u00e9guster et de d\u00e9couvrir les excellences agroalimentaires et les productions artisanales du territoire.<\/p>\n\n\n\n<p><strong>MARCH\u00c9 DE LA TERRE SLOW FOOD<\/strong><br>Du 11 Octobre au 8 D\u00e9cembre<\/p>\n\n\n\n<p><strong>ALBAROMATICA<br><\/strong>12 Octobre<\/p>\n\n\n\n<p>Informations Compl\u00e9mentaires: <a href=\"http:\/\/www.fieradeltartufo.org\/en\/\">www.fieradeltartufo.org\/en\/<\/a><\/p>\n","protected":false},"excerpt":{"rendered":"<p>Cette ann\u00e9e \u00e0 Alba se tient la 95\u00e8me \u00e9dition de l\u2019\u00e9v\u00e8nement le plus important pour les amateurs des pr\u00e9cieuses truffes blanches. La ville se pare pour accueillir ses h\u00f4tes et&#8230;<\/p>\n","protected":false},"author":1,"featured_media":0,"parent":2615,"menu_order":0,"comment_status":"closed","ping_status":"closed","template":"","meta":{"footnotes":""},"class_list":["post-19255","page","type-page","status-publish"],"yoast_head":"<!-- This site is optimized with the Yoast SEO plugin v23.9 - https:\/\/yoast.com\/wordpress\/plugins\/seo\/ -->\n<title>95\u00b0 Foire de la truffe blanche \u00e0 Alba (2025) - Cascina Bricchetto<\/title>\n<meta name=\"description\" content=\"La 95\u00e8me \u00e9dition de l\u2019\u00e9v\u00e8nement est le plus important pour les amateurs des pr\u00e9cieuses truffes blanches \u00e0 Alba. Du 8 Octobre au 12 D\u00e9cembre 2025\" \/>\n<meta name=\"robots\" content=\"index, follow, max-snippet:-1, max-image-preview:large, max-video-preview:-1\" \/>\n<link rel=\"canonical\" href=\"https:\/\/www.cascinabricchetto.it\/fr\/langhe-piemont-ou-sommes-nous\/95-foire-de-la-truffe-blanche-a-alba-2025\/\" \/>\n<meta property=\"og:locale\" content=\"fr_FR\" \/>\n<meta property=\"og:type\" content=\"article\" \/>\n<meta property=\"og:title\" content=\"95\u00b0 Foire de la truffe blanche \u00e0 Alba (2025) - Cascina Bricchetto\" \/>\n<meta property=\"og:description\" content=\"La 95\u00e8me \u00e9dition de l\u2019\u00e9v\u00e8nement est le plus important pour les amateurs des pr\u00e9cieuses truffes blanches \u00e0 Alba. Du 8 Octobre au 12 D\u00e9cembre 2025\" \/>\n<meta property=\"og:url\" content=\"https:\/\/www.cascinabricchetto.it\/fr\/langhe-piemont-ou-sommes-nous\/95-foire-de-la-truffe-blanche-a-alba-2025\/\" \/>\n<meta property=\"og:site_name\" content=\"Cascina Bricchetto\" \/>\n<meta property=\"article:modified_time\" content=\"2025-09-07T10:52:02+00:00\" \/>\n<meta property=\"og:image\" content=\"https:\/\/www.cascinabricchetto.it\/wp-content\/uploads\/2024\/08\/truffle-and-dog.jpg\" \/>\n\t<meta property=\"og:image:width\" content=\"491\" \/>\n\t<meta property=\"og:image:height\" content=\"496\" \/>\n\t<meta property=\"og:image:type\" content=\"image\/jpeg\" \/>\n<meta name=\"twitter:card\" content=\"summary_large_image\" \/>\n<meta name=\"twitter:label1\" content=\"Dur\u00e9e de lecture estim\u00e9e\" \/>\n\t<meta name=\"twitter:data1\" content=\"6 minutes\" \/>\n<script type=\"application\/ld+json\" class=\"yoast-schema-graph\">{\"@context\":\"https:\/\/schema.org\",\"@graph\":[{\"@type\":\"WebPage\",\"@id\":\"https:\/\/www.cascinabricchetto.it\/fr\/langhe-piemont-ou-sommes-nous\/95-foire-de-la-truffe-blanche-a-alba-2025\/\",\"url\":\"https:\/\/www.cascinabricchetto.it\/fr\/langhe-piemont-ou-sommes-nous\/95-foire-de-la-truffe-blanche-a-alba-2025\/\",\"name\":\"95\u00b0 Foire de la truffe blanche \u00e0 Alba (2025) - Cascina Bricchetto\",\"isPartOf\":{\"@id\":\"https:\/\/www.cascinabricchetto.it\/fr\/#website\"},\"primaryImageOfPage\":{\"@id\":\"https:\/\/www.cascinabricchetto.it\/fr\/langhe-piemont-ou-sommes-nous\/95-foire-de-la-truffe-blanche-a-alba-2025\/#primaryimage\"},\"image\":{\"@id\":\"https:\/\/www.cascinabricchetto.it\/fr\/langhe-piemont-ou-sommes-nous\/95-foire-de-la-truffe-blanche-a-alba-2025\/#primaryimage\"},\"thumbnailUrl\":\"https:\/\/www.cascinabricchetto.it\/wp-content\/uploads\/2024\/08\/truffle-and-dog.jpg\",\"datePublished\":\"2025-08-01T08:00:34+00:00\",\"dateModified\":\"2025-09-07T10:52:02+00:00\",\"description\":\"La 95\u00e8me \u00e9dition de l\u2019\u00e9v\u00e8nement est le plus important pour les amateurs des pr\u00e9cieuses truffes blanches \u00e0 Alba. Du 8 Octobre au 12 D\u00e9cembre 2025\",\"breadcrumb\":{\"@id\":\"https:\/\/www.cascinabricchetto.it\/fr\/langhe-piemont-ou-sommes-nous\/95-foire-de-la-truffe-blanche-a-alba-2025\/#breadcrumb\"},\"inLanguage\":\"fr-FR\",\"potentialAction\":[{\"@type\":\"ReadAction\",\"target\":[\"https:\/\/www.cascinabricchetto.it\/fr\/langhe-piemont-ou-sommes-nous\/95-foire-de-la-truffe-blanche-a-alba-2025\/\"]}]},{\"@type\":\"ImageObject\",\"inLanguage\":\"fr-FR\",\"@id\":\"https:\/\/www.cascinabricchetto.it\/fr\/langhe-piemont-ou-sommes-nous\/95-foire-de-la-truffe-blanche-a-alba-2025\/#primaryimage\",\"url\":\"https:\/\/www.cascinabricchetto.it\/wp-content\/uploads\/2024\/08\/truffle-and-dog.jpg\",\"contentUrl\":\"https:\/\/www.cascinabricchetto.it\/wp-content\/uploads\/2024\/08\/truffle-and-dog.jpg\"},{\"@type\":\"BreadcrumbList\",\"@id\":\"https:\/\/www.cascinabricchetto.it\/fr\/langhe-piemont-ou-sommes-nous\/95-foire-de-la-truffe-blanche-a-alba-2025\/#breadcrumb\",\"itemListElement\":[{\"@type\":\"ListItem\",\"position\":1,\"name\":\"Home\",\"item\":\"https:\/\/www.cascinabricchetto.it\/fr\/\"},{\"@type\":\"ListItem\",\"position\":2,\"name\":\"Langhe, o\u00f9 sommes nous\",\"item\":\"https:\/\/www.cascinabricchetto.it\/fr\/langhe-piedmont-where-we-are\/\"},{\"@type\":\"ListItem\",\"position\":3,\"name\":\"95\u00b0 Foire de la truffe blanche \u00e0 Alba (2025)\"}]},{\"@type\":\"WebSite\",\"@id\":\"https:\/\/www.cascinabricchetto.it\/fr\/#website\",\"url\":\"https:\/\/www.cascinabricchetto.it\/fr\/\",\"name\":\"Cascina Bricchetto\",\"description\":\"\",\"potentialAction\":[{\"@type\":\"SearchAction\",\"target\":{\"@type\":\"EntryPoint\",\"urlTemplate\":\"https:\/\/www.cascinabricchetto.it\/fr\/?s={search_term_string}\"},\"query-input\":{\"@type\":\"PropertyValueSpecification\",\"valueRequired\":true,\"valueName\":\"search_term_string\"}}],\"inLanguage\":\"fr-FR\"}]}<\/script>\n<!-- \/ Yoast SEO plugin. -->","yoast_head_json":{"title":"95\u00b0 Foire de la truffe blanche \u00e0 Alba (2025) - Cascina Bricchetto","description":"La 95\u00e8me \u00e9dition de l\u2019\u00e9v\u00e8nement est le plus important pour les amateurs des pr\u00e9cieuses truffes blanches \u00e0 Alba. Du 8 Octobre au 12 D\u00e9cembre 2025","robots":{"index":"index","follow":"follow","max-snippet":"max-snippet:-1","max-image-preview":"max-image-preview:large","max-video-preview":"max-video-preview:-1"},"canonical":"https:\/\/www.cascinabricchetto.it\/fr\/langhe-piemont-ou-sommes-nous\/95-foire-de-la-truffe-blanche-a-alba-2025\/","og_locale":"fr_FR","og_type":"article","og_title":"95\u00b0 Foire de la truffe blanche \u00e0 Alba (2025) - Cascina Bricchetto","og_description":"La 95\u00e8me \u00e9dition de l\u2019\u00e9v\u00e8nement est le plus important pour les amateurs des pr\u00e9cieuses truffes blanches \u00e0 Alba. Du 8 Octobre au 12 D\u00e9cembre 2025","og_url":"https:\/\/www.cascinabricchetto.it\/fr\/langhe-piemont-ou-sommes-nous\/95-foire-de-la-truffe-blanche-a-alba-2025\/","og_site_name":"Cascina Bricchetto","article_modified_time":"2025-09-07T10:52:02+00:00","og_image":[{"width":491,"height":496,"url":"https:\/\/www.cascinabricchetto.it\/wp-content\/uploads\/2024\/08\/truffle-and-dog.jpg","type":"image\/jpeg"}],"twitter_card":"summary_large_image","twitter_misc":{"Dur\u00e9e de lecture estim\u00e9e":"6 minutes"},"schema":{"@context":"https:\/\/schema.org","@graph":[{"@type":"WebPage","@id":"https:\/\/www.cascinabricchetto.it\/fr\/langhe-piemont-ou-sommes-nous\/95-foire-de-la-truffe-blanche-a-alba-2025\/","url":"https:\/\/www.cascinabricchetto.it\/fr\/langhe-piemont-ou-sommes-nous\/95-foire-de-la-truffe-blanche-a-alba-2025\/","name":"95\u00b0 Foire de la truffe blanche \u00e0 Alba (2025) - Cascina Bricchetto","isPartOf":{"@id":"https:\/\/www.cascinabricchetto.it\/fr\/#website"},"primaryImageOfPage":{"@id":"https:\/\/www.cascinabricchetto.it\/fr\/langhe-piemont-ou-sommes-nous\/95-foire-de-la-truffe-blanche-a-alba-2025\/#primaryimage"},"image":{"@id":"https:\/\/www.cascinabricchetto.it\/fr\/langhe-piemont-ou-sommes-nous\/95-foire-de-la-truffe-blanche-a-alba-2025\/#primaryimage"},"thumbnailUrl":"https:\/\/www.cascinabricchetto.it\/wp-content\/uploads\/2024\/08\/truffle-and-dog.jpg","datePublished":"2025-08-01T08:00:34+00:00","dateModified":"2025-09-07T10:52:02+00:00","description":"La 95\u00e8me \u00e9dition de l\u2019\u00e9v\u00e8nement est le plus important pour les amateurs des pr\u00e9cieuses truffes blanches \u00e0 Alba. Du 8 Octobre au 12 D\u00e9cembre 2025","breadcrumb":{"@id":"https:\/\/www.cascinabricchetto.it\/fr\/langhe-piemont-ou-sommes-nous\/95-foire-de-la-truffe-blanche-a-alba-2025\/#breadcrumb"},"inLanguage":"fr-FR","potentialAction":[{"@type":"ReadAction","target":["https:\/\/www.cascinabricchetto.it\/fr\/langhe-piemont-ou-sommes-nous\/95-foire-de-la-truffe-blanche-a-alba-2025\/"]}]},{"@type":"ImageObject","inLanguage":"fr-FR","@id":"https:\/\/www.cascinabricchetto.it\/fr\/langhe-piemont-ou-sommes-nous\/95-foire-de-la-truffe-blanche-a-alba-2025\/#primaryimage","url":"https:\/\/www.cascinabricchetto.it\/wp-content\/uploads\/2024\/08\/truffle-and-dog.jpg","contentUrl":"https:\/\/www.cascinabricchetto.it\/wp-content\/uploads\/2024\/08\/truffle-and-dog.jpg"},{"@type":"BreadcrumbList","@id":"https:\/\/www.cascinabricchetto.it\/fr\/langhe-piemont-ou-sommes-nous\/95-foire-de-la-truffe-blanche-a-alba-2025\/#breadcrumb","itemListElement":[{"@type":"ListItem","position":1,"name":"Home","item":"https:\/\/www.cascinabricchetto.it\/fr\/"},{"@type":"ListItem","position":2,"name":"Langhe, o\u00f9 sommes nous","item":"https:\/\/www.cascinabricchetto.it\/fr\/langhe-piedmont-where-we-are\/"},{"@type":"ListItem","position":3,"name":"95\u00b0 Foire de la truffe blanche \u00e0 Alba (2025)"}]},{"@type":"WebSite","@id":"https:\/\/www.cascinabricchetto.it\/fr\/#website","url":"https:\/\/www.cascinabricchetto.it\/fr\/","name":"Cascina Bricchetto","description":"","potentialAction":[{"@type":"SearchAction","target":{"@type":"EntryPoint","urlTemplate":"https:\/\/www.cascinabricchetto.it\/fr\/?s={search_term_string}"},"query-input":{"@type":"PropertyValueSpecification","valueRequired":true,"valueName":"search_term_string"}}],"inLanguage":"fr-FR"}]}},"_links":{"self":[{"href":"https:\/\/www.cascinabricchetto.it\/fr\/wp-json\/wp\/v2\/pages\/19255","targetHints":{"allow":["GET"]}}],"collection":[{"href":"https:\/\/www.cascinabricchetto.it\/fr\/wp-json\/wp\/v2\/pages"}],"about":[{"href":"https:\/\/www.cascinabricchetto.it\/fr\/wp-json\/wp\/v2\/types\/page"}],"author":[{"embeddable":true,"href":"https:\/\/www.cascinabricchetto.it\/fr\/wp-json\/wp\/v2\/users\/1"}],"replies":[{"embeddable":true,"href":"https:\/\/www.cascinabricchetto.it\/fr\/wp-json\/wp\/v2\/comments?post=19255"}],"version-history":[{"count":25,"href":"https:\/\/www.cascinabricchetto.it\/fr\/wp-json\/wp\/v2\/pages\/19255\/revisions"}],"predecessor-version":[{"id":32607,"href":"https:\/\/www.cascinabricchetto.it\/fr\/wp-json\/wp\/v2\/pages\/19255\/revisions\/32607"}],"up":[{"embeddable":true,"href":"https:\/\/www.cascinabricchetto.it\/fr\/wp-json\/wp\/v2\/pages\/2615"}],"wp:attachment":[{"href":"https:\/\/www.cascinabricchetto.it\/fr\/wp-json\/wp\/v2\/media?parent=19255"}],"curies":[{"name":"wp","href":"https:\/\/api.w.org\/{rel}","templated":true}]}}